{"id":209,"date":"2021-08-18T11:13:16","date_gmt":"2021-08-18T09:13:16","guid":{"rendered":"http:\/\/ello-association.fr\/?page_id=209"},"modified":"2021-11-09T10:28:11","modified_gmt":"2021-11-09T09:28:11","slug":"atelier-ponctuel","status":"publish","type":"page","link":"https:\/\/ello-association.fr\/index.php\/atelier-ponctuel\/","title":{"rendered":"Atelier ponctuel"},"content":{"rendered":"\n<h3 class=\"has-text-align-center has-luminous-vivid-orange-color has-text-color\">D\u00e9cembre 2021 : atelier de No\u00ebl<\/h3>\n\n\n\n<div class=\"wp-block-columns\">\n<div class=\"wp-block-column\" style=\"flex-basis:50%\"><\/div>\n<\/div>\n\n\n\n<p class=\"has-text-align-center\">Ces 3 ateliers ont lieu au caf\u00e9 de <a rel=\"noreferrer noopener\" href=\"http:\/\/www.hermitagelelab.com\" target=\"_blank\">l\u2019Hermitage<\/a> \u00e0 Autr\u00e8ches, avec <a rel=\"noreferrer noopener\" href=\"https:\/\/instagram.com\/ma.nouvelle.vie.en.picardie?utm_medium=copy_link\" target=\"_blank\">Audrey<\/a>. <\/p>\n\n\n\n<div class=\"wp-block-columns\">\n<div class=\"wp-block-column\"><\/div>\n<\/div>\n\n\n\n<div class=\"wp-block-columns\">\n<div class=\"wp-block-column\">\n<figure class=\"wp-block-image size-full is-resized\"><img loading=\"lazy\" src=\"https:\/\/i0.wp.com\/ello-association.fr\/wp-content\/uploads\/2021\/11\/51WiAsTKUSL._SL500_.jpg?resize=405%2C316\" alt=\"\" class=\"wp-image-261\" width=\"405\" height=\"316\" srcset=\"https:\/\/i0.wp.com\/ello-association.fr\/wp-content\/uploads\/2021\/11\/51WiAsTKUSL._SL500_.jpg?w=500&amp;ssl=1 500w, https:\/\/i0.wp.com\/ello-association.fr\/wp-content\/uploads\/2021\/11\/51WiAsTKUSL._SL500_.jpg?resize=300%2C234&amp;ssl=1 300w\" sizes=\"(max-width: 405px) 100vw, 405px\" data-recalc-dims=\"1\" \/><\/figure>\n\n\n\n<p><\/p>\n<\/div>\n\n\n\n<div class=\"wp-block-column\">\n<p class=\"has-vivid-red-color has-text-color\"><strong>Dimanche 5 D\u00e9cembre, de 14h00 \u00e0 17h00, atelier adulte de d\u00e9coration de sabl\u00e9s de No\u00ebl <\/strong> <\/p>\n\n\n\n<p class=\"has-white-color has-text-color\">&lt;br\/><\/p>\n\n\n\n<p>Venez apprendre avec <a rel=\"noreferrer noopener\" href=\"https:\/\/instagram.com\/ma.nouvelle.vie.en.picardie?utm_medium=copy_link\" target=\"_blank\">Audrey<\/a> les techniques de d\u00e9coration sur sabl\u00e9s dans l\u2019ambiance cosy du caf\u00e9 de <a rel=\"noreferrer noopener\" href=\"http:\/\/www.hermitagelelab.com\" target=\"_blank\">l\u2019Hermitage<\/a>. <\/p>\n\n\n\n<p>Audrey vous fournira les sabl\u00e9s et vous pourrez laisser parler votre cr\u00e9ativit\u00e9 sur le th\u00e8me de la magie de No\u00ebl.<\/p>\n\n\n\n<p>Vous repartez bien s\u00fbr avec vos biscuits! <\/p>\n\n\n\n<p class=\"has-white-color has-text-color\"> &lt;br\/> <\/p>\n\n\n\n<p> <strong>25\u20ac l&#8217;atelier (30\u20ac pour les non-adh\u00e9rents)<\/strong> <\/p>\n\n\n\n<p class=\"has-white-color has-text-color\">   &lt;br\/>   <\/p>\n\n\n\n<p>Place limit\u00e9es.<\/p>\n<\/div>\n<\/div>\n\n\n\n<div class=\"wp-block-columns\">\n<div class=\"wp-block-column\">\n<p> <\/p>\n<\/div>\n<\/div>\n\n\n\n<h6 class=\"has-text-align-left has-vivid-red-color has-text-color\"><\/h6>\n\n\n\n<div class=\"wp-block-columns\">\n<div class=\"wp-block-column\">\n<p class=\"has-vivid-red-color has-text-color\"><strong>Mercredi 8 D\u00e9cembre, de 14h00 \u00e0 15h00, atelier de d\u00e9coration de Bonhomme en pain d\u2019\u00e9pices pour enfants (6 \u00e0 11 ans)<\/strong><\/p>\n\n\n\n<p class=\"has-white-color has-text-color\">  &lt;br\/>  <\/p>\n\n\n\n<p>Venez vous amuser \u00e0 d\u00e9corer de d\u00e9licieux bonhommes en pain d\u2019\u00e9pices avec <a rel=\"noreferrer noopener\" href=\"https:\/\/instagram.com\/ma.nouvelle.vie.en.picardie?utm_medium=copy_link\" target=\"_blank\">Audrey<\/a> (g\u00e2teaux fournis). Et emportez vos cr\u00e9ations pour les partager en famille !<\/p>\n\n\n\n<p class=\"has-white-color has-text-color\">  &lt;br\/>  <\/p>\n\n\n\n<p><strong>5\u20ac l&#8217;atelier<\/strong><\/p>\n<\/div>\n\n\n\n<div class=\"wp-block-column\">\n<p class=\"has-vivid-red-color has-text-color\"><strong>Mercredi 8 D\u00e9cembre, de 15h30 \u00e0 16h30, atelier de cr\u00e9ation de d\u00e9coration de No\u00ebl pour enfants (6 \u00e0 11 ans)<\/strong> <\/p>\n\n\n\n<p class=\"has-white-color has-text-color\">  &lt;br\/>  <\/p>\n\n\n\n<p>Cr\u00e9er gr\u00e2ce \u00e0 cette activit\u00e9 manuelle une d\u00e9coration unique de f\u00eates de fin d\u2019ann\u00e9e \u00e0 partir de mat\u00e9riel recycl\u00e9. Faites le plein d\u2019id\u00e9e \u00e0 reproduire \u00e0 la maison! <\/p>\n\n\n\n<p class=\"has-white-color has-text-color\">  &lt;br\/>  <\/p>\n\n\n\n<p> <strong>5\u20ac l&#8217;atelier<\/strong> <\/p>\n<\/div>\n<\/div>\n\n\n\n<div class=\"wp-block-columns\">\n<div class=\"wp-block-column\"><\/div>\n<\/div>\n\n\n\n<figure class=\"wp-block-image size-large\"><img loading=\"lazy\" width=\"1130\" height=\"1600\" src=\"https:\/\/i1.wp.com\/ello-association.fr\/wp-content\/uploads\/2021\/11\/56fad2f1-5346-4c27-89ce-44c887f2d158.jpg?resize=1130%2C1600&#038;ssl=1\" alt=\"\" class=\"wp-image-247\" srcset=\"https:\/\/i1.wp.com\/ello-association.fr\/wp-content\/uploads\/2021\/11\/56fad2f1-5346-4c27-89ce-44c887f2d158.jpg?w=1130&amp;ssl=1 1130w, https:\/\/i1.wp.com\/ello-association.fr\/wp-content\/uploads\/2021\/11\/56fad2f1-5346-4c27-89ce-44c887f2d158.jpg?resize=212%2C300&amp;ssl=1 212w, https:\/\/i1.wp.com\/ello-association.fr\/wp-content\/uploads\/2021\/11\/56fad2f1-5346-4c27-89ce-44c887f2d158.jpg?resize=723%2C1024&amp;ssl=1 723w, https:\/\/i1.wp.com\/ello-association.fr\/wp-content\/uploads\/2021\/11\/56fad2f1-5346-4c27-89ce-44c887f2d158.jpg?resize=768%2C1087&amp;ssl=1 768w, https:\/\/i1.wp.com\/ello-association.fr\/wp-content\/uploads\/2021\/11\/56fad2f1-5346-4c27-89ce-44c887f2d158.jpg?resize=1085%2C1536&amp;ssl=1 1085w\" sizes=\"(max-width: 1130px) 100vw, 1130px\" data-recalc-dims=\"1\" \/><\/figure>\n\n\n\n<div class=\"wp-block-columns\">\n<div class=\"wp-block-column\"><\/div>\n<\/div>\n\n\n\n<hr class=\"wp-block-separator\"\/>\n\n\n\n<div class=\"wp-block-columns\">\n<div class=\"wp-block-column\"><\/div>\n<\/div>\n\n\n\n<h3 class=\"has-text-align-center has-luminous-vivid-orange-color has-text-color\">Samedi 23 octobre 2021 \u00e0 Berneuil sur Aisne<\/h3>\n\n\n\n<p>     <\/p>\n\n\n\n<h3 class=\"has-text-align-center has-luminous-vivid-orange-color has-text-color\"><strong>Ateliers de couture solidaire Octobre Rose<\/strong><\/h3>\n\n\n\n<div class=\"wp-block-columns\">\n<div class=\"wp-block-column\"><\/div>\n<\/div>\n\n\n\n<h6 class=\"has-text-align-center has-luminous-vivid-orange-color has-text-color\"><strong>De 14h00 \u00e0 15h30, niveau d\u00e9butant et enfant : fabrication de Lovely pocket<\/strong><\/h6>\n\n\n\n<h6 class=\"has-text-align-center has-luminous-vivid-orange-color has-text-color\"><strong>De 16h00 \u00e0 18h00, niveau interm\u00e9diaire : fabrication de Lovely Bag.<\/strong><\/h6>\n\n\n\n<div class=\"wp-block-columns\">\n<div class=\"wp-block-column\"><\/div>\n<\/div>\n\n\n\n<p>Cousons ensemble de jolis sacs pour soutenir les femmes qui ont des drains suite \u00e0 un cancer du sein. <\/p>\n\n\n\n<p><strong>Les sacs ont pour but de dissimuler les bouteilles aspiratives li\u00e9es aux drains occasionn\u00e9s par la chirurgie.<\/strong> <\/p>\n\n\n\n<p>Et c&#8217;est aussi une belle occasion de nous rencontrer \ud83d\ude42<\/p>\n\n\n\n<div class=\"wp-block-columns\">\n<div class=\"wp-block-column\" style=\"flex-basis:100%\">\n<p><br><\/p>\n<\/div>\n<\/div>\n\n\n\n<div class=\"wp-block-columns\">\n<div class=\"wp-block-column\" style=\"flex-basis:100%\">\n<div class=\"wp-block-jetpack-tiled-gallery aligncenter is-style-columns\"><div class=\"tiled-gallery__gallery\"><div class=\"tiled-gallery__row\"><div class=\"tiled-gallery__col\" style=\"flex-basis:31.75762%\"><figure class=\"tiled-gallery__item\"><img srcset=\"https:\/\/i1.wp.com\/ello-association.fr\/wp-content\/uploads\/2021\/08\/2496603.png?strip=info&#038;w=600 600w,https:\/\/i1.wp.com\/ello-association.fr\/wp-content\/uploads\/2021\/08\/2496603.png?strip=info&#038;w=900 900w\" alt=\"\" data-height=\"600\" data-id=\"231\" data-link=\"http:\/\/ello-association.fr\/index.php\/atelier-ponctuel\/attachment\/2496603\/\" data-url=\"http:\/\/ello-association.fr\/wp-content\/uploads\/2021\/08\/2496603.png\" data-width=\"900\" src=\"https:\/\/i1.wp.com\/ello-association.fr\/wp-content\/uploads\/2021\/08\/2496603.png\" data-amp-layout=\"responsive\"\/><\/figure><figure class=\"tiled-gallery__item\"><img srcset=\"https:\/\/i1.wp.com\/ello-association.fr\/wp-content\/uploads\/2021\/08\/sac-redon-Toiles-Mayenne-27-Uriel-Chantraine-Institut-Curie.jpg?strip=info&#038;w=465 465w\" alt=\"\" data-height=\"282\" data-id=\"229\" data-link=\"http:\/\/ello-association.fr\/index.php\/atelier-ponctuel\/sac-redon-toiles-mayenne-27-uriel-chantraine-institut-curie\/\" data-url=\"http:\/\/ello-association.fr\/wp-content\/uploads\/2021\/08\/sac-redon-Toiles-Mayenne-27-Uriel-Chantraine-Institut-Curie.jpg\" data-width=\"465\" src=\"https:\/\/i1.wp.com\/ello-association.fr\/wp-content\/uploads\/2021\/08\/sac-redon-Toiles-Mayenne-27-Uriel-Chantraine-Institut-Curie.jpg\" data-amp-layout=\"responsive\"\/><\/figure><\/div><div class=\"tiled-gallery__col\" style=\"flex-basis:20.34627%\"><figure class=\"tiled-gallery__item\"><img srcset=\"https:\/\/i2.wp.com\/ello-association.fr\/wp-content\/uploads\/2021\/08\/images.jpg?strip=info&#038;w=225 225w\" alt=\"\" data-height=\"225\" data-id=\"227\" data-link=\"http:\/\/ello-association.fr\/index.php\/atelier-ponctuel\/images\/\" data-url=\"http:\/\/ello-association.fr\/wp-content\/uploads\/2021\/08\/images.jpg\" data-width=\"225\" src=\"https:\/\/i2.wp.com\/ello-association.fr\/wp-content\/uploads\/2021\/08\/images.jpg\" data-amp-layout=\"responsive\"\/><\/figure><figure class=\"tiled-gallery__item\"><img srcset=\"https:\/\/i2.wp.com\/ello-association.fr\/wp-content\/uploads\/2021\/08\/telechargement.jpg?strip=info&#038;w=225 225w\" alt=\"\" data-height=\"225\" data-id=\"228\" data-link=\"http:\/\/ello-association.fr\/index.php\/atelier-ponctuel\/telechargement-4\/\" data-url=\"http:\/\/ello-association.fr\/wp-content\/uploads\/2021\/08\/telechargement.jpg\" data-width=\"225\" src=\"https:\/\/i2.wp.com\/ello-association.fr\/wp-content\/uploads\/2021\/08\/telechargement.jpg\" data-amp-layout=\"responsive\"\/><\/figure><\/div><div class=\"tiled-gallery__col\" style=\"flex-basis:47.89611%\"><figure class=\"tiled-gallery__item\"><img srcset=\"https:\/\/i1.wp.com\/ello-association.fr\/wp-content\/uploads\/2021\/08\/2021-04-lovely-solidarity-besancon1-900x766-1.jpg?strip=info&#038;w=600 600w,https:\/\/i1.wp.com\/ello-association.fr\/wp-content\/uploads\/2021\/08\/2021-04-lovely-solidarity-besancon1-900x766-1.jpg?strip=info&#038;w=900 900w\" alt=\"\" data-height=\"766\" data-id=\"230\" data-link=\"http:\/\/ello-association.fr\/index.php\/atelier-ponctuel\/2021-04-lovely-solidarity-besancon1-900x766\/\" data-url=\"http:\/\/ello-association.fr\/wp-content\/uploads\/2021\/08\/2021-04-lovely-solidarity-besancon1-900x766-1.jpg\" data-width=\"900\" src=\"https:\/\/i1.wp.com\/ello-association.fr\/wp-content\/uploads\/2021\/08\/2021-04-lovely-solidarity-besancon1-900x766-1.jpg\" data-amp-layout=\"responsive\"\/><\/figure><\/div><\/div><\/div><\/div>\n<\/div>\n<\/div>\n\n\n\n<p>Les sacs seront offerts dans les h\u00f4pitaux partenaires de Lovely Solidarity.<\/p>\n\n\n\n<div class=\"wp-block-columns\">\n<div class=\"wp-block-column\"><\/div>\n<\/div>\n\n\n\n<p><strong>5\u20ac l&#8217;atelier (10\u20ac pour les non-adh\u00e9rents)<\/strong><\/p>\n\n\n\n<p>Nous mettrons \u00e0 disposition des machines \u00e0 coudre et du tissus. <\/p>\n\n\n\n<p>Si vous avez une machine \u00e0 coudre, merci de nous le pr\u00e9ciser lors de votre inscription, cela permettra d&#8217;accueillir plus de participants<br>Places limit\u00e9es.<\/p>\n\n\n\n<div class=\"wp-block-columns\">\n<div class=\"wp-block-column\"><\/div>\n<\/div>\n\n\n\n<p>D\u00e9couvrez ici l&#8217;objectif de ces cr\u00e9ations : <a href=\"https:\/\/www.lovelysolidarity.org\/\" target=\"_blank\" rel=\"noreferrer noopener\">https:\/\/www.lovelysolidarity.org\/<\/a><\/p>\n","protected":false},"excerpt":{"rendered":"<p>D\u00e9cembre 2021 : atelier de No\u00ebl Ces 3 ateliers ont lieu au caf\u00e9 de l\u2019Hermitage \u00e0 Autr\u00e8ches, avec Audrey. Dimanche 5 D\u00e9cembre, de 14h00 \u00e0 17h00, atelier adulte de d\u00e9coration de sabl\u00e9s de No\u00ebl &lt;br\/> Venez apprendre avec Audrey les techniques de d\u00e9coration sur sabl\u00e9s dans l\u2019ambiance cosy du caf\u00e9 de l\u2019Hermitage. Audrey vous fournira [&hellip;]<\/p>\n","protected":false},"author":1,"featured_media":0,"parent":0,"menu_order":0,"comment_status":"closed","ping_status":"closed","template":"templates\/template_page-full-width.php","meta":{"spay_email":""},"jetpack-related-posts":[{"id":50,"url":"https:\/\/ello-association.fr\/index.php\/cours-pour-enfants\/","url_meta":{"origin":209,"position":0},"title":"Ateliers Anglais enfants","date":"1 July 2021","format":false,"excerpt":"Ateliers enfants : Mardi soir \u00e0 la m\u00e9diath\u00e8que de Cuise-la-Motte Atelier 1 : MS \u00e0 CE1 \/ Mardi 17h15-18h00 Les jeunes enfants m\u00e9morisent sans effort et ont des capacit\u00e9s d'imitation exceptionnelles. Entre 5 et 7 ans, l'apprentissage d'une nouvelle langue est plus facile. Votre jeune enfant, va se familiariser \u00e0\u2026","rel":"","context":"Similar post","img":{"alt_text":"","src":"","width":0,"height":0},"classes":[]},{"id":144,"url":"https:\/\/ello-association.fr\/index.php\/cours-pour-adultes\/","url_meta":{"origin":209,"position":1},"title":"COURS POUR ADULTES","date":"7 July 2021","format":false,"excerpt":"Anglais niveau d\u00e9butant Ces cours sont tr\u00e8s simples et s'adressent \u00e0 des personnes qui n'ont jamais fait d'anglais ou qui connaissent quelques mots uniquement. Nous vous recommandons de suivre ces cours dans l'ordre chronologique. Vos objectifs : Comprendre le sens de conversations courantes, quels que soient les accents des intervenants.Dialoguer\u2026","rel":"","context":"Similar post","img":{"alt_text":"","src":"","width":0,"height":0},"classes":[]},{"id":3,"url":"https:\/\/ello-association.fr\/index.php\/politique-de-confidentialite\/","url_meta":{"origin":209,"position":2},"title":"Politique de confidentialit\u00e9","date":"30 June 2021","format":false,"excerpt":"Qui sommes-nous\u00a0? L\u2019adresse de notre site Web est\u00a0: http:\/\/ello-association.fr. Utilisation des donn\u00e9es personnelles collect\u00e9es Commentaires Quand vous laissez un commentaire sur notre site web, les donn\u00e9es inscrites dans le formulaire de commentaire, mais aussi votre adresse IP et l\u2019agent utilisateur de votre navigateur sont collect\u00e9s pour nous aider \u00e0 la\u2026","rel":"","context":"Similar post","img":{"alt_text":"","src":"","width":0,"height":0},"classes":[]},{"id":8,"url":"https:\/\/ello-association.fr\/index.php\/contact\/","url_meta":{"origin":209,"position":3},"title":"Contact","date":"1 July 2021","format":false,"excerpt":"Besoin d'informations compl\u00e9mentaires? Vous souhaitez vous inscrire ou inscrire votre enfant? Ecrivez-nous et nous vous ferons un plaisir de vous r\u00e9pondre le plus rapidement possible. Merci de votre int\u00e9r\u00eat, et \u00e0 bient\u00f4t!","rel":"","context":"Similar post","img":{"alt_text":"","src":"","width":0,"height":0},"classes":[]}],"_links":{"self":[{"href":"https:\/\/ello-association.fr\/index.php\/wp-json\/wp\/v2\/pages\/209"}],"collection":[{"href":"https:\/\/ello-association.fr\/index.php\/wp-json\/wp\/v2\/pages"}],"about":[{"href":"https:\/\/ello-association.fr\/index.php\/wp-json\/wp\/v2\/types\/page"}],"author":[{"embeddable":true,"href":"https:\/\/ello-association.fr\/index.php\/wp-json\/wp\/v2\/users\/1"}],"replies":[{"embeddable":true,"href":"https:\/\/ello-association.fr\/index.php\/wp-json\/wp\/v2\/comments?post=209"}],"version-history":[{"count":35,"href":"https:\/\/ello-association.fr\/index.php\/wp-json\/wp\/v2\/pages\/209\/revisions"}],"predecessor-version":[{"id":270,"href":"https:\/\/ello-association.fr\/index.php\/wp-json\/wp\/v2\/pages\/209\/revisions\/270"}],"wp:attachment":[{"href":"https:\/\/ello-association.fr\/index.php\/wp-json\/wp\/v2\/media?parent=209"}],"curies":[{"name":"wp","href":"https:\/\/api.w.org\/{rel}","templated":true}]}}